{"id":198,"date":"2022-10-06T21:33:45","date_gmt":"2022-10-07T00:33:45","guid":{"rendered":"https:\/\/espacos.info\/wp\/vadico\/?page_id=198"},"modified":"2022-12-06T16:15:17","modified_gmt":"2022-12-06T16:15:17","slug":"discografia","status":"publish","type":"page","link":"https:\/\/vadicogogliano.com\/?page_id=198","title":{"rendered":"Discografia"},"content":{"rendered":"<p>[et_pb_section fb_built=&#8221;1&#8243; admin_label=&#8221;section&#8221; _builder_version=&#8221;3.22&#8243; custom_padding=&#8221;40px|||||&#8221;][et_pb_row admin_label=&#8221;row&#8221; _builder_version=&#8221;4.6.4&#8243; background_size=&#8221;initial&#8221; background_position=&#8221;top_left&#8221; background_repeat=&#8221;repeat&#8221;][et_pb_column type=&#8221;4_4&#8243; _builder_version=&#8221;3.25&#8243; custom_padding=&#8221;|||&#8221; custom_padding__hover=&#8221;|||&#8221;][et_pb_text admin_label=&#8221;Text&#8221; _builder_version=&#8221;4.6.4&#8243; background_size=&#8221;initial&#8221; background_position=&#8221;top_left&#8221; background_repeat=&#8221;repeat&#8221;]<\/p>\n<h1>Discografia<\/h1>\n<p>[\/et_pb_text][\/et_pb_column][\/et_pb_row][et_pb_row _builder_version=&#8221;4.6.4&#8243; _module_preset=&#8221;default&#8221;][et_pb_column type=&#8221;4_4&#8243; _builder_version=&#8221;4.6.4&#8243; _module_preset=&#8221;default&#8221;][et_pb_accordion open_toggle_text_color=&#8221;#582206&#8243; closed_toggle_text_color=&#8221;#582206&#8243; _builder_version=&#8221;4.6.4&#8243; _module_preset=&#8221;default&#8221; toggle_level=&#8221;h4&#8243; toggle_font=&#8221;|||on|||||&#8221; closed_toggle_font=&#8221;|||on|||||&#8221;][et_pb_accordion_item title=&#8221;Em 78 RPM&#8221; open=&#8221;off&#8221; _builder_version=&#8221;4.6.4&#8243; _module_preset=&#8221;default&#8221;]<\/p>\n<p><b>Columbia \u2013 5.098-A<br \/> <\/b><span style=\"font-weight: 400;\">\u201cDeixei de ser ot\u00e1rio\u201d<\/span><span style=\"font-weight: 400;\"><br \/> <\/span><span style=\"font-weight: 400;\">Int\u00e9rprete: Gen\u00e9sio Arruda<br \/> <\/span><span style=\"font-weight: 400;\">Composi\u00e7\u00e3o: Vadico<\/span><span style=\"font-weight: 400;\"><br \/> <\/span><span style=\"font-weight: 400;\">Outubro de 1929<\/span><\/p>\n<p><b>Columbia \u2013 5.138-B<br \/> <\/b><span style=\"font-weight: 400;\">\u201cIsso mesmo \u00e9 o que eu quero\u201d<\/span><span style=\"font-weight: 400;\"><br \/> <\/span><span style=\"font-weight: 400;\">Int\u00e9rprete: Gen\u00e9sio Arruda<br \/> <\/span><span style=\"font-weight: 400;\">Composi\u00e7\u00e3o: Vadico<\/span><span style=\"font-weight: 400;\"><br \/> <\/span><span style=\"font-weight: 400;\">1929<\/span><\/p>\n<p><b>Columbia \u2013 5.211-A<br \/> <\/b><span style=\"font-weight: 400;\">\u201cVou te p\u00f4r em leil\u00e3o\u201d<\/span><span style=\"font-weight: 400;\"><br \/> <\/span><span style=\"font-weight: 400;\">Int\u00e9rprete: Janu\u00e1rio de Oliveira<br \/> <\/span><span style=\"font-weight: 400;\">Composi\u00e7\u00e3o: Vadico<\/span><span style=\"font-weight: 400;\"><br \/> <\/span><span style=\"font-weight: 400;\">Junho de 1930<\/span><\/p>\n<p><b>Columbia \u2013 22.149-B<br \/> <\/b><span style=\"font-weight: 400;\">\u201cOnde est\u00e1s, melodia?\u201d<\/span><span style=\"font-weight: 400;\"><br \/> <\/span><span style=\"font-weight: 400;\">Int\u00e9rprete: Orquestra Columbia<br \/> <\/span><span style=\"font-weight: 400;\">Composi\u00e7\u00e3o: Vadico<\/span><span style=\"font-weight: 400;\"><br \/> <\/span><span style=\"font-weight: 400;\">1930<\/span><\/p>\n<p><b>Odeon \u2013 10641-B<br \/> <\/b><span style=\"font-weight: 400;\">\u201cArranjei outra\u201d<br \/> <\/span><span style=\"font-weight: 400;\">Int\u00e9rprete: Francisco Alves<\/span><span style=\"font-weight: 400;\"><br \/> <\/span><span style=\"font-weight: 400;\">Composi\u00e7\u00e3o: Vadico e Dan Malio Carneiro<\/span><span style=\"font-weight: 400;\"><br \/> <\/span><span style=\"font-weight: 400;\">Julho de 1930<\/span><\/p>\n<p><b>Victor \u2013 33438-B<br \/> <\/b><span style=\"font-weight: 400;\">\u201cPor amor de meu mulato\u201d<\/span><span style=\"font-weight: 400;\"><br \/> <\/span><span style=\"font-weight: 400;\">Int\u00e9rprete: Ot\u00edlia Amorim<br \/> <\/span><span style=\"font-weight: 400;\">Composi\u00e7\u00e3o: Vadico<\/span><span style=\"font-weight: 400;\"><br \/> <\/span><span style=\"font-weight: 400;\">Maio de 1931<\/span><\/p>\n<p><b>Ouvidor \u2013 3.011<br \/> <\/b><span style=\"font-weight: 400;\">\u201cGlorinha\u201d \/ \u201cN\u00e3o sei\u201d<br \/> <\/span><span style=\"font-weight: 400;\">Int\u00e9rprete: Sem informa\u00e7\u00e3o &#8211; [Saxofone]<\/span><span style=\"font-weight: 400;\"><br \/> <\/span><span style=\"font-weight: 400;\">Composi\u00e7\u00e3o: Vadico<br \/> <\/span><span style=\"font-weight: 400;\">1931<\/span><\/p>\n<p><b>Odeon \u2013 10879-A<br \/> <\/b><span style=\"font-weight: 400;\">\u201cSil\u00eancio\u201d<\/span><span style=\"font-weight: 400;\"><br \/> <\/span><span style=\"font-weight: 400;\">Int\u00e9rprete: Luiz Barbosa e Vitorio Latari<br \/> <\/span><span style=\"font-weight: 400;\">Composi\u00e7\u00e3o: Vadico<\/span><span style=\"font-weight: 400;\"><br \/> <\/span><span style=\"font-weight: 400;\">Dezembro de 1931<\/span><\/p>\n<p><b>Odeon \u2013 11042-A<br \/> <\/b><span style=\"font-weight: 400;\">\u201cFeitio de ora\u00e7\u00e3o\u201d<br \/> <\/span><span style=\"font-weight: 400;\">Int\u00e9rprete: Francisco Alves e Castro Barbosa<\/span><span style=\"font-weight: 400;\"><br \/> <\/span><span style=\"font-weight: 400;\">Composi\u00e7\u00e3o: Vadico e Noel Rosa<\/span><span style=\"font-weight: 400;\"><br \/> <\/span><span style=\"font-weight: 400;\">Agosto de 1933<\/span><\/p>\n<p><b>Columbia \u2013 22.246<br \/> <\/b><span style=\"font-weight: 400;\">\u201cMaestro Marmelada\u201d \/ \u201cIs it all right\u201d<\/span><span style=\"font-weight: 400;\"><br \/> <\/span><span style=\"font-weight: 400;\">Int\u00e9rprete: Vadico e sua orquestra<br \/> <\/span><span style=\"font-weight: 400;\">Composi\u00e7\u00e3o: Vadico<br \/> <\/span><span style=\"font-weight: 400;\">1934<\/span><\/p>\n<p><b>Odeon-11212-B<br \/> <\/b><span style=\"font-weight: 400;\">\u201cNat\u00e1lia\u201d<br \/> <\/span><span style=\"font-weight: 400;\">Int\u00e9rprete: Luiz Americano<\/span><span style=\"font-weight: 400;\"><br \/> <\/span><span style=\"font-weight: 400;\">Composi\u00e7\u00e3o: Vadico<\/span><span style=\"font-weight: 400;\"><br \/> <\/span><span style=\"font-weight: 400;\">Abril de 1935<\/span><\/p>\n<p><b>Odeon \u2013 11257-B<br \/> <\/b><span style=\"font-weight: 400;\">\u201cConversa de botequim\u201d<\/span><span style=\"font-weight: 400;\"><br \/> <\/span><span style=\"font-weight: 400;\">Int\u00e9rprete: Noel Rosa<\/span><span style=\"font-weight: 400;\"><br \/> <\/span><span style=\"font-weight: 400;\">Composi\u00e7\u00e3o: Vadico e Noel Rosa<\/span><span style=\"font-weight: 400;\"><br \/> <\/span><span style=\"font-weight: 400;\">Setembro de 1935<\/span><\/p>\n<p><b>Odeon \u2013 11337-B<br \/> <\/b><span style=\"font-weight: 400;\">\u201cCem mil-r\u00e9is\u201d<\/span><span style=\"font-weight: 400;\"><br \/> <\/span><span style=\"font-weight: 400;\">Int\u00e9rprete: Mar\u00edlia Batista e Noel Rosa<br \/> <\/span><span style=\"font-weight: 400;\">Composi\u00e7\u00e3o: Vadico e Noel Rosa<\/span><span style=\"font-weight: 400;\"><br \/> <\/span><span style=\"font-weight: 400;\">Abril de 1936<\/span><\/p>\n<p><b>Victor \u2013 34086-A<br \/> <\/b><span style=\"font-weight: 400;\">\u201cTarzan\u201d<br \/> <\/span><span style=\"font-weight: 400;\">Int\u00e9rprete: Almirante<\/span><span style=\"font-weight: 400;\"><br \/> <\/span><span style=\"font-weight: 400;\">Composi\u00e7\u00e3o: Vadico e Noel Rosa<\/span><span style=\"font-weight: 400;\"><br \/> <\/span><span style=\"font-weight: 400;\">Setembro de 1936<\/span><\/p>\n<p><b>34140-B<br \/> <\/b><span style=\"font-weight: 400;\">\u201cQuantos beijos\u201d<br \/> <\/span><span style=\"font-weight: 400;\">Int\u00e9rprete: Mar\u00edlia Batista e Noel Rosa<\/span><span style=\"font-weight: 400;\"><br \/> <\/span><span style=\"font-weight: 400;\">Composi\u00e7\u00e3o: Vadico e Noel Rosa<\/span><span style=\"font-weight: 400;\"><br \/> <\/span><span style=\"font-weight: 400;\">Dezembro de 1936<\/span><\/p>\n<p><b>Odeon \u2013 11422-A<br \/> <\/b><span style=\"font-weight: 400;\">\u201cProvei\u201d<\/span><span style=\"font-weight: 400;\"><br \/> <\/span><span style=\"font-weight: 400;\">Int\u00e9rprete: Mar\u00edlia Batista e Noel Rosa<br \/> <\/span><span style=\"font-weight: 400;\">Composi\u00e7\u00e3o: Vadico e Noel Rosa<\/span><span style=\"font-weight: 400;\"><br \/> <\/span><span style=\"font-weight: 400;\">Dezembro de 1936<\/span><\/p>\n<p><b>RCA Victor \u2013 34152-A<br \/> <\/b><span style=\"font-weight: 400;\">\u201cS\u00f3 pode ser voc\u00ea\u201d<\/span><span style=\"font-weight: 400;\"><br \/> <\/span><span style=\"font-weight: 400;\">Int\u00e9rprete: Aracy de Almeida<br \/> <\/span><span style=\"font-weight: 400;\">Composi\u00e7\u00e3o: Vadico e Noel Rosa<\/span><span style=\"font-weight: 400;\"><br \/> <\/span><span style=\"font-weight: 400;\">Mar\u00e7o de 1937<\/span><\/p>\n<p><b>Odeon \u2013 11.546-A<br \/> <\/b><span style=\"font-weight: 400;\">\u201cSeja o que Deus quiser\u201d<\/span><span style=\"font-weight: 400;\"><br \/> <\/span><span style=\"font-weight: 400;\">Int\u00e9rprete: Nuno Roland<br \/> <\/span><span style=\"font-weight: 400;\">Composi\u00e7\u00e3o: Vadico e M\u00e1rio Morais<\/span><span style=\"font-weight: 400;\"><br \/> <\/span><span style=\"font-weight: 400;\">Dezembro de 1937<\/span><\/p>\n<p><b>Victor \u2013 34413-A<br \/> <\/b><span style=\"font-weight: 400;\">\u201cPra que mentir?\u201d<\/span><span style=\"font-weight: 400;\"><br \/> <\/span><span style=\"font-weight: 400;\">Int\u00e9rprete: Silvio Caldas<br \/> <\/span><span style=\"font-weight: 400;\">Composi\u00e7\u00e3o: Vadico e Noel Rosa<\/span><span style=\"font-weight: 400;\"><br \/> <\/span><span style=\"font-weight: 400;\">Fevereiro de 1939<\/span><\/p>\n<p><b>Columbia \u2013 55.146-A<br \/> <\/b><span style=\"font-weight: 400;\">\u201cMinha vida melhorou\u201d<\/span><span style=\"font-weight: 400;\"><br \/> <\/span><span style=\"font-weight: 400;\">Int\u00e9rprete: J. Kolman e sua orquestra<br \/> <\/span><span style=\"font-weight: 400;\">Composi\u00e7\u00e3o: Vadico<br \/> <\/span><span style=\"font-weight: 400;\">1939<\/span><\/p>\n<p><b>Odeon \u2013 11175-A<br \/> <\/b><span style=\"font-weight: 400;\">\u201cFeiti\u00e7o da Vila\u201d<\/span><span style=\"font-weight: 400;\"><br \/> <\/span><span style=\"font-weight: 400;\">Int\u00e9rprete: Jo\u00e3o Petra de Barros<br \/> <\/span><span style=\"font-weight: 400;\">Composi\u00e7\u00e3o: Vadico e Noel Rosa<\/span><span style=\"font-weight: 400;\"><br \/> <\/span><span style=\"font-weight: 400;\">Dezembro de 1943<\/span><\/p>\n<p><b>Continental -15.613-B<br \/> <\/b><span style=\"font-weight: 400;\">\u201cFeiti\u00e7o da Vila\u201d<\/span><span style=\"font-weight: 400;\"><br \/> <\/span><span style=\"font-weight: 400;\">Int\u00e9rprete: Namorados da Lua<br \/> <\/span><span style=\"font-weight: 400;\">Composi\u00e7\u00e3o: Vadico e Noel Rosa<\/span><span style=\"font-weight: 400;\"><br \/> <\/span><span style=\"font-weight: 400;\">Abril de 1946<\/span><\/p>\n<p><b>Continental \u2013 16.129-A<br \/> <\/b><span style=\"font-weight: 400;\">\u201cFeiti\u00e7o da Vila\u201d<br \/> <\/span><span style=\"font-weight: 400;\">Int\u00e9rprete: Orquestra Tabajara de Severino Ara\u00fajo<\/span><span style=\"font-weight: 400;\"><br \/> <\/span><span style=\"font-weight: 400;\">Composi\u00e7\u00e3o: Vadico e Noel Rosa<\/span><span style=\"font-weight: 400;\"><br \/> <\/span><span style=\"font-weight: 400;\">Outubro de 1946<\/span><\/p>\n<p><b>Philips-P61013H-B<br \/> <\/b><span style=\"font-weight: 400;\">\u201cSaudade intrusa\u201d<\/span><span style=\"font-weight: 400;\"><br \/> <\/span><span style=\"font-weight: 400;\">Int\u00e9rprete: Ari Cordovil<br \/> <\/span><span style=\"font-weight: 400;\">Composi\u00e7\u00e3o: Vadico<\/span><span style=\"font-weight: 400;\"><br \/> <\/span><span style=\"font-weight: 400;\">Maio de 1950<\/span><\/p>\n<p><b>Continental-16.318-A<br \/> <\/b><span style=\"font-weight: 400;\">\u201cFeiti\u00e7o da Vila\u201d<br \/> <\/span><span style=\"font-weight: 400;\">Int\u00e9rprete: Aracy de Almeida<\/span><span style=\"font-weight: 400;\"><br \/> <\/span><span style=\"font-weight: 400;\">Composi\u00e7\u00e3o: Vadico e Noel Rosa<\/span><span style=\"font-weight: 400;\"><br \/> <\/span><span style=\"font-weight: 400;\">Novembro de 1950<\/span><\/p>\n<p><b>Continental -16.317-B<br \/> <\/b><span style=\"font-weight: 400;\">\u201cConversa de botequim\u201d<\/span><span style=\"font-weight: 400;\"><br \/> <\/span><span style=\"font-weight: 400;\">Int\u00e9rprete: Aracy de Almeida<br \/> <\/span><span style=\"font-weight: 400;\">Composi\u00e7\u00e3o: Vadico e Noel Rosa<\/span><span style=\"font-weight: 400;\"><br \/> <\/span><span style=\"font-weight: 400;\">Dezembro de 1950<\/span><\/p>\n<p><b>Continental-16.391-A<br \/> <\/b><span style=\"font-weight: 400;\">\u201cPra que mentir?\u201d<br \/> <\/span><span style=\"font-weight: 400;\">Int\u00e9rprete: Aracy de Almeida<\/span><span style=\"font-weight: 400;\"><br \/> <\/span><span style=\"font-weight: 400;\">Composi\u00e7\u00e3o: Vadico e Noel Rosa<\/span><span style=\"font-weight: 400;\"><br \/> <\/span><span style=\"font-weight: 400;\">Maio de 1951<\/span><\/p>\n<p><b>Continental \u2013 16.392-A<br \/> <\/b><span style=\"font-weight: 400;\">\u201cFeitio de ora\u00e7\u00e3o\u201d<\/span><span style=\"font-weight: 400;\"><br \/> <\/span><span style=\"font-weight: 400;\">Int\u00e9rprete: Aracy de Almeida<br \/> <\/span><span style=\"font-weight: 400;\">Composi\u00e7\u00e3o: Vadico e Noel Rosa<\/span><span style=\"font-weight: 400;\"><br \/> <\/span><span style=\"font-weight: 400;\">Maio de 1951<\/span><\/p>\n<p><b>Victor \u2013 80.0760-A<br \/> <\/b><span style=\"font-weight: 400;\">\u201cFeitio de ora\u00e7\u00e3o\u201d<\/span><span style=\"font-weight: 400;\"><br \/> <\/span><span style=\"font-weight: 400;\">Int\u00e9rprete: Zacarias e sua orquestra<br \/> <\/span><span style=\"font-weight: 400;\">Composi\u00e7\u00e3o: Vadico e Noel Rosa<\/span><span style=\"font-weight: 400;\"><br \/> <\/span><span style=\"font-weight: 400;\">Maio de 1951<\/span><\/p>\n<p><b>Continental -16.772-B<br \/> <\/b><span style=\"font-weight: 400;\">\u201cFeiti\u00e7o da Vila\u201d<br \/> <\/span><span style=\"font-weight: 400;\">Int\u00e9rprete: Ben\u00e9 Nunes<\/span><span style=\"font-weight: 400;\"><br \/> <\/span><span style=\"font-weight: 400;\">Composi\u00e7\u00e3o: Vadico e Noel Rosa<\/span><span style=\"font-weight: 400;\"><br \/> <\/span><span style=\"font-weight: 400;\">Junho de 1953<\/span><\/p>\n<p><b>Odeon \u2013 13.473-A<br \/> <\/b><span style=\"font-weight: 400;\">\u201cMaestro Marmelada\u201d<br \/> <\/span><span style=\"font-weight: 400;\">Int\u00e9rprete: Raul de Barros e seu conjunto<br \/> <\/span><span style=\"font-weight: 400;\">Composi\u00e7\u00e3o: Vadico<\/span><span style=\"font-weight: 400;\"><br \/> <\/span><span style=\"font-weight: 400;\">Julho de 1953<\/span><\/p>\n<p><b>Sinter 347-B<br \/> <\/b><span style=\"font-weight: 400;\">\u201cFeiti\u00e7o da Vila\u201d<\/span><span style=\"font-weight: 400;\"><br \/> <\/span><span style=\"font-weight: 400;\">Int\u00e9rprete: Garotos da Lua<br \/> <\/span><span style=\"font-weight: 400;\">Composi\u00e7\u00e3o: Vadico e Noel Rosa<\/span><span style=\"font-weight: 400;\"><br \/> <\/span><span style=\"font-weight: 400;\">Novembro de 1954<\/span><\/p>\n<p><b>Sinter \u2013 354-A<br \/> <\/b><span style=\"font-weight: 400;\">\u201cMais um samba popular\u201d<br \/> <\/span><span style=\"font-weight: 400;\">Int\u00e9rprete: Ana Cristina<\/span><span style=\"font-weight: 400;\"><br \/> <\/span><span style=\"font-weight: 400;\">Composi\u00e7\u00e3o: Vadico e Noel Rosa<\/span><span style=\"font-weight: 400;\"><br \/> <\/span><span style=\"font-weight: 400;\">Novembro de 1954<\/span><\/p>\n<p><b>Continental \u2013 17.117-a<br \/> <\/b><span style=\"font-weight: 400;\">\u201cConversa de botequim\u201d<br \/> <\/span><span style=\"font-weight: 400;\">Int\u00e9rprete: Vadico e seu regional<br \/> <\/span><span style=\"font-weight: 400;\">Composi\u00e7\u00e3o: Vadico e Noel Rosa<br \/> <\/span><span style=\"font-weight: 400;\">\u201cDuvidoso\u201d<br \/> <\/span><span style=\"font-weight: 400;\">Int\u00e9rprete: Vadico e seu regional<br \/> <\/span><span style=\"font-weight: 400;\">Composi\u00e7\u00e3o: Vadico<\/span><span style=\"font-weight: 400;\"><br \/> <\/span><span style=\"font-weight: 400;\">1955<\/span><\/p>\n<p><b>Continental \u2013 17.119<\/b><span style=\"font-weight: 400;\"><br \/> <\/span><span style=\"font-weight: 400;\">\u201cTudo nos falta\u201d\/ \u201cPre\u00e7o do sil\u00eancio\u201d<br \/> <\/span><span style=\"font-weight: 400;\">Int\u00e9rprete: Dalva de Andrade<\/span><span style=\"font-weight: 400;\"><br \/> <\/span><span style=\"font-weight: 400;\">Produ\u00e7\u00e3o musical: Vadico<\/span><span style=\"font-weight: 400;\"><br \/> <\/span><span style=\"font-weight: 400;\">1955<\/span><\/p>\n<p><b>Continental \u2013 17.188<br \/> <\/b><span style=\"font-weight: 400;\">\u201cTarzan, o filho do alfaiate\u201d<br \/> <\/span><span style=\"font-weight: 400;\">Int\u00e9rprete: Zezinho<br \/> <\/span><span style=\"font-weight: 400;\">Composi\u00e7\u00e3o: Vadico e Noel Rosa<br \/> <\/span><span style=\"font-weight: 400;\">Acompanhamento: Vadico e seu regional<br \/> <\/span><span style=\"font-weight: 400;\">\u201cN\u00e3o sobra um peda\u00e7o\u201d<br \/> <\/span><span style=\"font-weight: 400;\">Int\u00e9rprete: Zezinho<br \/> <\/span><span style=\"font-weight: 400;\">Composi\u00e7\u00e3o: Boror\u00f3 e Aregivo<br \/> <\/span><span style=\"font-weight: 400;\">Acompanhamento: Vadico e seu regional<\/span><span style=\"font-weight: 400;\"><br \/> <\/span><span style=\"font-weight: 400;\">1955<\/span><\/p>\n<p><b>Continental \u2013 17.196-a<br \/> <\/b><span style=\"font-weight: 400;\">\u201cExalta\u00e7\u00e3o \u00e0 Mangueira\u201d \/ \u201cL\u00e1 vou eu\u201d<br \/> <\/span><span style=\"font-weight: 400;\">Int\u00e9rprete: Jamel\u00e3o<\/span><span style=\"font-weight: 400;\"><br \/> <\/span><span style=\"font-weight: 400;\">Arranjo: Vadico<\/span><span style=\"font-weight: 400;\"><br \/> <\/span><span style=\"font-weight: 400;\">1955<\/span><\/p>\n<p><b>Continental \u2013 17.200<br \/> <\/b><span style=\"font-weight: 400;\">\u201cCafun\u00e9\u201d \/ \u201cConselho in\u00fatil\u201d<\/span><span style=\"font-weight: 400;\"><br \/> <\/span><span style=\"font-weight: 400;\">Int\u00e9rprete: Aracy de Almeida<\/span><span style=\"font-weight: 400;\"><br \/> <\/span><span style=\"font-weight: 400;\">Acompanhamento: Vadico e Sua Orquestra<\/span><span style=\"font-weight: 400;\"><br \/> <\/span><span style=\"font-weight: 400;\">1955<\/span><\/p>\n<p><b>Continental \u2013 17.204<br \/> <\/b><span style=\"font-weight: 400;\">\u201cLinda Espanha\u201d \/ \u201cAquele quarto\u201d<\/span><span style=\"font-weight: 400;\"><br \/> <\/span><span style=\"font-weight: 400;\">Int\u00e9rprete: Dalva de Andrade<\/span><span style=\"font-weight: 400;\"><br \/> <\/span><span style=\"font-weight: 400;\">Acompanhamento: Vadico e Sua Orquestra<\/span><span style=\"font-weight: 400;\"><br \/> <\/span><span style=\"font-weight: 400;\">1955<\/span><\/p>\n<p><b>Mocambo \u2013 15.065-A<br \/> <\/b><span style=\"font-weight: 400;\">\u201cFeiti\u00e7o da Vila\u201d<br \/> <\/span><span style=\"font-weight: 400;\">Int\u00e9rprete: Jos\u00e9 Luciano<\/span><span style=\"font-weight: 400;\"><br \/> <\/span><span style=\"font-weight: 400;\">Composi\u00e7\u00e3o: Vadico e Noel Rosa<\/span><span style=\"font-weight: 400;\"><br \/> <\/span><span style=\"font-weight: 400;\">1955<\/span><\/p>\n<p><b>Musidisc-M-15002-B<br \/> <\/b><span style=\"font-weight: 400;\">\u201cConversa de botequim\u201d<\/span><span style=\"font-weight: 400;\"><br \/> <\/span><span style=\"font-weight: 400;\">Int\u00e9rprete: Trio Surdina<br \/> <\/span><span style=\"font-weight: 400;\">Composi\u00e7\u00e3o: Vadico e Noel Rosa<\/span><span style=\"font-weight: 400;\"><br \/> <\/span><span style=\"font-weight: 400;\">Setembro de 1955<\/span><\/p>\n<p><b>Musidisc-M-15020<br \/> <\/b><span style=\"font-weight: 400;\">\u201cFeiti\u00e7o da Vila\u201d \/ \u201cPra que mentir?\u201d<\/span><span style=\"font-weight: 400;\"><br \/> <\/span><span style=\"font-weight: 400;\">Int\u00e9rprete: Horacina Correia<br \/> <\/span><span style=\"font-weight: 400;\">Composi\u00e7\u00e3o: Vadico e Noel Rosa<br \/> <\/span><span style=\"font-weight: 400;\">1955<\/span><\/p>\n<p><b>Musidisc-M-50005-B<br \/> <\/b><span style=\"font-weight: 400;\">\u201cFeitio de ora\u00e7\u00e3o\u201d<\/span><span style=\"font-weight: 400;\"><br \/> <\/span><span style=\"font-weight: 400;\">Int\u00e9rprete: Trio Surdina<br \/> <\/span><span style=\"font-weight: 400;\">Composi\u00e7\u00e3o: Vadico e Noel Rosa<br \/> <\/span><span style=\"font-weight: 400;\">1955<\/span><\/p>\n<p><b>Continental \u2013 17.237<br \/> <\/b><span style=\"font-weight: 400;\">\u201cCora\u00e7\u00e3o, aten\u00e7\u00e3o!\u201d \/ \u201cPrece\u201d<\/span><span style=\"font-weight: 400;\"><br \/> <\/span><span style=\"font-weight: 400;\">Int\u00e9rprete: Helena de Lima<br \/> <\/span><span style=\"font-weight: 400;\">Composi\u00e7\u00e3o: Vadico e Marino Pinto<\/span><span style=\"font-weight: 400;\"><br \/> <\/span><span style=\"font-weight: 400;\">1956<\/span><\/p>\n<p><b>Sinter \u2013 481-B<br \/> <\/b><span style=\"font-weight: 400;\">\u201cFeitio de ora\u00e7\u00e3o\u201d<br \/> <\/span><span style=\"font-weight: 400;\">Int\u00e9rprete: Britinho e seu ritmo<\/span><span style=\"font-weight: 400;\"><br \/> <\/span><span style=\"font-weight: 400;\">Composi\u00e7\u00e3o: Vadico e Noel Rosa<\/span><span style=\"font-weight: 400;\"><br \/> <\/span><span style=\"font-weight: 400;\">Junho de 1956<\/span><\/p>\n<p><b>Victor \u2013 80.1624-B<br \/> <\/b><span style=\"font-weight: 400;\">\u201cFeiti\u00e7o da Vila\u201d<\/span><span style=\"font-weight: 400;\"><br \/> <\/span><span style=\"font-weight: 400;\">Int\u00e9rprete: Faf\u00e1 Lemos e seu conjunto<br \/> <\/span><span style=\"font-weight: 400;\">Composi\u00e7\u00e3o: Vadico e Noel Rosa<\/span><span style=\"font-weight: 400;\"><br \/> <\/span><span style=\"font-weight: 400;\">Julho de 1956<\/span><\/p>\n<p><b>Odeon \u2013 14.076-A<br \/> <\/b><span style=\"font-weight: 400;\">\u201cGuanabara\u201d<br \/> <\/span><span style=\"font-weight: 400;\">Int\u00e9rprete: Aurora Miranda<\/span><span style=\"font-weight: 400;\"><br \/> <\/span><span style=\"font-weight: 400;\">Composi\u00e7\u00e3o: Vadico e Aloisio de Olvieira<\/span><span style=\"font-weight: 400;\"><br \/> <\/span><span style=\"font-weight: 400;\">Agosto de 1956<\/span><\/p>\n<p><b>Columbia-CB10274-B<br \/> <\/b><span style=\"font-weight: 400;\">\u201cPrece\u201d<br \/> <\/span><span style=\"font-weight: 400;\">Int\u00e9rprete: Lana Bittencourt<\/span><span style=\"font-weight: 400;\"><br \/> <\/span><span style=\"font-weight: 400;\">Composi\u00e7\u00e3o: Vadico e Marino Pinto<br \/> <\/span><span style=\"font-weight: 400;\">1956<\/span><\/p>\n<p><b>Copacabana \u2013 5.652-A<br \/> <\/b><span style=\"font-weight: 400;\">\u201cNoel Rosa\u201d<br \/> <\/span><span style=\"font-weight: 400;\">Int\u00e9rprete: Leny Eversong<\/span><span style=\"font-weight: 400;\"><br \/> <\/span><span style=\"font-weight: 400;\">Composi\u00e7\u00e3o: Vadico e David Nasser<br \/> <\/span><span style=\"font-weight: 400;\">1956<\/span><\/p>\n<p><b>Victor \u2013 80.1840-B<br \/> <\/b><span style=\"font-weight: 400;\">\u201cPrece\u201d<br \/> <\/span><span style=\"font-weight: 400;\">Int\u00e9rprete: Trio Nag\u00f4<\/span><span style=\"font-weight: 400;\"><br \/> <\/span><span style=\"font-weight: 400;\">Composi\u00e7\u00e3o: Vadico e Marino Pinto<\/span><span style=\"font-weight: 400;\"><br \/> <\/span><span style=\"font-weight: 400;\">Setembro de 1957<\/span><\/p>\n<p><b>Continental -17.518-B<br \/> <\/b><span style=\"font-weight: 400;\">\u201cPrece\u201d<br \/> <\/span><span style=\"font-weight: 400;\">Int\u00e9rprete: Orquestra Tabajara de Severino Ara\u00fajo<\/span><span style=\"font-weight: 400;\"><br \/> <\/span><span style=\"font-weight: 400;\">Composi\u00e7\u00e3o: Vadico e Marino Pinto<\/span><span style=\"font-weight: 400;\"><br \/> <\/span><span style=\"font-weight: 400;\">Fevereiro de 1958<\/span><\/p>\n<p><b>Copacabana \u2013 5.865-A<br \/> <\/b><span style=\"font-weight: 400;\">\u201cPrece\u201d<br \/> <\/span><span style=\"font-weight: 400;\">Int\u00e9rprete: Agnaldo Rayol<\/span><span style=\"font-weight: 400;\"><br \/> <\/span><span style=\"font-weight: 400;\">Composi\u00e7\u00e3o: Vadico e Marino Pinto<\/span><span style=\"font-weight: 400;\"><br \/> <\/span><span style=\"font-weight: 400;\">Mar\u00e7o de 1958<\/span><\/p>\n<p><b>Odeon \u2013 14.318-B<br \/> <\/b><span style=\"font-weight: 400;\">\u201cHomenagem a Noel Rosa (pot-pourri)\u201d<\/span><span style=\"font-weight: 400;\"><br \/> <\/span><span style=\"font-weight: 400;\">Int\u00e9rprete: Orquestra Omar Izar e seus Harmonicistas<br \/> <\/span><span style=\"font-weight: 400;\">Composi\u00e7\u00e3o: Vadico e Noel Rosa<\/span><span style=\"font-weight: 400;\"><br \/> <\/span><span style=\"font-weight: 400;\">Abril de 1958<\/span><\/p>\n<p><b>Continental 17.561-A<br \/> <\/b><span style=\"font-weight: 400;\">\u201cPrece\u201d<br \/> <\/span><span style=\"font-weight: 400;\">Int\u00e9rprete: Helena de Lima<\/span><span style=\"font-weight: 400;\"><br \/> <\/span><span style=\"font-weight: 400;\">Composi\u00e7\u00e3o: Vadico e Marino Pinto<\/span><span style=\"font-weight: 400;\"><br \/> <\/span><span style=\"font-weight: 400;\">Julho de 1958<\/span><\/p>\n<p><b>RGE-10122-B<br \/> <\/b><span style=\"font-weight: 400;\">\u201cD\u00f3i muito mais a dor\u201d<br \/> <\/span><span style=\"font-weight: 400;\">Int\u00e9rprete: Agostinho dos Santos<\/span><span style=\"font-weight: 400;\"><br \/> <\/span><span style=\"font-weight: 400;\">Composi\u00e7\u00e3o: Vadico e Edison Borges<\/span><span style=\"font-weight: 400;\"><br \/> <\/span><span style=\"font-weight: 400;\">Outubro de 1958<\/span><\/p>\n<p><b>Odeon \u2013 14.427-B<br \/> <\/b><span style=\"font-weight: 400;\">\u201cPren\u00fancio\u201d<br \/> <\/span><span style=\"font-weight: 400;\">Int\u00e9rprete: Carlos Jos\u00e9<\/span><span style=\"font-weight: 400;\"><br \/> <\/span><span style=\"font-weight: 400;\">Composi\u00e7\u00e3o: Vadico e Marino Pinto<\/span><span style=\"font-weight: 400;\"><br \/> <\/span><span style=\"font-weight: 400;\">Fevereiro de 1959<\/span><\/p>\n<p><b>Polydor-334-A<br \/> <\/b><span style=\"font-weight: 400;\">\u201cDormir\u2026 sonhar\u201d<br \/> <\/span><span style=\"font-weight: 400;\">Int\u00e9rprete: Carminha Mascarenhas<\/span><span style=\"font-weight: 400;\"><br \/> <\/span><span style=\"font-weight: 400;\">Composi\u00e7\u00e3o: Vadico e Herberto Sales<\/span><span style=\"font-weight: 400;\"><br \/> <\/span><span style=\"font-weight: 400;\">Setembro de 1959<\/span><\/p>\n<p><b>Odeon \u2013 14.547-A<br \/> <\/b><span style=\"font-weight: 400;\">\u201cAt\u00e9 quando?\u201d<br \/> <\/span><span style=\"font-weight: 400;\">Int\u00e9rprete: Peri Ribeiro<\/span><span style=\"font-weight: 400;\"><br \/> <\/span><span style=\"font-weight: 400;\">Composi\u00e7\u00e3o: Vadico e Marino Pinto<\/span><span style=\"font-weight: 400;\"><br \/> <\/span><span style=\"font-weight: 400;\">Novembro de 1959<\/span><\/p>\n<p><b>Continental \u2013 17.188-A<br \/> <\/b><span style=\"font-weight: 400;\">\u201cTarzan, o filho do alfaiate\u201d<br \/> <\/span><span style=\"font-weight: 400;\">Int\u00e9rprete: Vadico e seu regional<\/span><span style=\"font-weight: 400;\"><br \/> <\/span><span style=\"font-weight: 400;\">Composi\u00e7\u00e3o: Vadico e Noel Rosa<\/span><span style=\"font-weight: 400;\"><br \/> <\/span><span style=\"font-weight: 400;\">Novembro de 1959<\/span><\/p>\n<p><b>Victor \u2013 80.2193-A<br \/> <\/b><span style=\"font-weight: 400;\">\u201cPren\u00fancio\u201d<\/span><span style=\"font-weight: 400;\"><br \/> <\/span><span style=\"font-weight: 400;\">Int\u00e9rprete: Marisa Barroso<br \/> <\/span><span style=\"font-weight: 400;\">Composi\u00e7\u00e3o: Vadico e Marino Pinto<\/span><span style=\"font-weight: 400;\"><br \/> <\/span><span style=\"font-weight: 400;\">Abril de 1960<\/span><\/p>\n<p><b>Continental \u2013 17.806-A<br \/> <\/b><span style=\"font-weight: 400;\">\u201cCem mil-r\u00e9is\u201d<br \/> <\/span><span style=\"font-weight: 400;\">Int\u00e9rprete: Risadinha<\/span><span style=\"font-weight: 400;\"><br \/> <\/span><span style=\"font-weight: 400;\">Composi\u00e7\u00e3o: Vadico e Noel Rosa<\/span><span style=\"font-weight: 400;\"><br \/> <\/span><span style=\"font-weight: 400;\">Agosto de 1960<\/span><\/p>\n<p><b>Copacabana \u2013 6.114-B<br \/> <\/b><span style=\"font-weight: 400;\">\u201cAt\u00e9 quando\u201d<br \/> <\/span><span style=\"font-weight: 400;\">Int\u00e9rprete: Elizeth Cardoso<\/span><span style=\"font-weight: 400;\"><br \/> <\/span><span style=\"font-weight: 400;\">Composi\u00e7\u00e3o: Vadico e Marino Pinto<\/span><span style=\"font-weight: 400;\"><br \/> <\/span><span style=\"font-weight: 400;\">Agosto de 1960<\/span><\/p>\n<p><b>RCA Victor \u2013 80-2193-a<br \/> <\/b><span style=\"font-weight: 400;\">\u201cPren\u00fancio\u201d<\/span><span style=\"font-weight: 400;\"><br \/> <\/span><span style=\"font-weight: 400;\">Int\u00e9rprete: Marisa Barroso<\/span><span style=\"font-weight: 400;\"><br \/> <\/span><span style=\"font-weight: 400;\">Composi\u00e7\u00e3o: Vadico e Marino Pinto<\/span><span style=\"font-weight: 400;\"><br \/> <\/span><span style=\"font-weight: 400;\">1960<\/span><\/p>\n<p><b>Copacabana \u2013 6.243-B<br \/> <\/b><span style=\"font-weight: 400;\">\u201cVamos brincar de amor\u201d<\/span><span style=\"font-weight: 400;\"><br \/> <\/span><span style=\"font-weight: 400;\">Int\u00e9rprete: Rossini Pinto<br \/> <\/span><span style=\"font-weight: 400;\">Composi\u00e7\u00e3o: Vadico e Herberto Salles<\/span><span style=\"font-weight: 400;\"><br \/> <\/span><span style=\"font-weight: 400;\">Junho de 1961<\/span><\/p>\n<p><b>Copacabana \u2013 CEP \u2013 4598<br \/> <\/b><span style=\"font-weight: 400;\">\u201cVamos brincar de amor\u201d<br \/> <\/span><span style=\"font-weight: 400;\">Int\u00e9rprete: Rossini Pinto<\/span><span style=\"font-weight: 400;\"><br \/> <\/span><span style=\"font-weight: 400;\">Composi\u00e7\u00e3o: Vadico e Herberto Sales<\/span><span style=\"font-weight: 400;\"><br \/> <\/span><span style=\"font-weight: 400;\">*EP-45RPM<br \/> <\/span><span style=\"font-weight: 400;\">1961<\/span><\/p>\n<p><b>Philips \u2013 P \u2013 61.089-H-a<br \/> <\/b><span style=\"font-weight: 400;\">\u201cO domingo azul do mar\u201d \/ \u201c\u00c9 demais\u201d<\/span><span style=\"font-weight: 400;\"><br \/> <\/span><span style=\"font-weight: 400;\">Int\u00e9rprete: Geny Martins<\/span><span style=\"font-weight: 400;\"><br \/> <\/span><span style=\"font-weight: 400;\">Produ\u00e7\u00e3o musical e arranjo: Vadico<\/span><span style=\"font-weight: 400;\"><br \/> <\/span><span style=\"font-weight: 400;\">1961<\/span><\/p>\n<p>[\/et_pb_accordion_item][et_pb_accordion_item title=&#8221;EM LP DE 10 E 12 POLEGADAS&#8221; _builder_version=&#8221;4.6.4&#8243; _module_preset=&#8221;default&#8221; hover_enabled=&#8221;0&#8243; open=&#8221;on&#8221; sticky_enabled=&#8221;0&#8243;]<\/p>\n<p><b>Os Copacabana<\/b><span style=\"font-weight: 400;\"><br \/> <\/span><span style=\"font-weight: 400;\">Int\u00e9rprete: Quincas e Os Copacabana<br \/> <\/span><span style=\"font-weight: 400;\">Acompanhamento: Vadico<br \/> <\/span><span style=\"font-weight: 400;\">Gravadora: Copacabana <\/span><span style=\"font-weight: 400;\"><br \/> <\/span><span style=\"font-weight: 400;\">1955<\/span><\/p>\n<p><b>Can\u00e7\u00f5es de Noel com Aracy de Almeida<\/b><span style=\"font-weight: 400;\"><br \/> <\/span><span style=\"font-weight: 400;\">Int\u00e9rprete: Aracy de Ameida<\/span><span style=\"font-weight: 400;\"><br \/> <\/span><span style=\"font-weight: 400;\">Arranjo: Vadico<\/span><span style=\"font-weight: 400;\"><br \/> <\/span><span style=\"font-weight: 400;\">Gravadora: Continental \u2013 LPP 10<\/span><span style=\"font-weight: 400;\"><br \/> <\/span><span style=\"font-weight: 400;\">1955<\/span><\/p>\n<p><b>Dan\u00e7ando com Vadico<\/b><span style=\"font-weight: 400;\"><br \/> <\/span><span style=\"font-weight: 400;\">Int\u00e9rprete: Zezinho<br \/> <\/span><span style=\"font-weight: 400;\">Acompanhamento: Vadico<br \/> <\/span><span style=\"font-weight: 400;\">Gravadora: Continental \u2013 LPP 37<\/span><span style=\"font-weight: 400;\"><br \/> <\/span><span style=\"font-weight: 400;\">1956<\/span><\/p>\n<p><span style=\"font-weight: 400;\"><b>Dentro da Noite<\/b><span><br \/> <\/span><span>Int\u00e9rprete: Helena de Lima<br \/> <\/span><span>&#8220;Antigamente&#8221;<br \/> <\/span><\/span><span style=\"font-weight: 400;\"><span>Composi\u00e7\u00e3o: Vadico e Jarbas Mello<br \/> <\/span>&#8220;Revolta&#8221;<br \/> <span>Composi\u00e7ao: Vadico e Marino Pinto<br \/> <\/span>Gravadora: Continental \u2013 LPP 38<br \/> <span><\/span><\/span><span style=\"font-weight: 400;\"><span>1956<\/span><\/span><\/p>\n<p><b>Mesa de Pista<\/b><span style=\"font-weight: 400;\"><br \/> <\/span><span style=\"font-weight: 400;\">Int\u00e9rprete: Zezinho e Os Copacabana<\/span><span style=\"font-weight: 400;\"><br \/> <\/span><span style=\"font-weight: 400;\">Acompanhamento: Vadico <\/span><span style=\"font-weight: 400;\"><br \/> <\/span><span style=\"font-weight: 400;\">Gravadora: Odeon \u2013 MOFB 3007<\/span><span style=\"font-weight: 400;\"><br \/> <\/span><span style=\"font-weight: 400;\">1957<\/span><\/p>\n<p><b>Encantamento<br \/> <\/b><span style=\"font-weight: 400;\">Int\u00e9rprete: Maria Helena Raposo<br \/> <\/span><span style=\"font-weight: 400;\">\u201cPrece\u201d<\/span><span style=\"font-weight: 400;\"><br \/> <\/span><span style=\"font-weight: 400;\">Composi\u00e7\u00e3o: Vadico e Marino Pinto<br \/> <\/span><span style=\"font-weight: 400;\">\u201cAntigamente\u201d<\/span><span style=\"font-weight: 400;\"><br \/> <\/span><span style=\"font-weight: 400;\">Composi\u00e7\u00e3o: Vadico e Jarbas Melo<\/span><span style=\"font-weight: 400;\"><br \/> <\/span><span style=\"font-weight: 400;\">Gravadora: Mocambo \u2013 LP 40009<\/span><span style=\"font-weight: 400;\"><br \/> <\/span><span style=\"font-weight: 400;\">1958<\/span><\/p>\n<p><b>Festa Dentro da Noite<\/b><span style=\"font-weight: 400;\"><br \/> <\/span><span style=\"font-weight: 400;\">Int\u00e9rprete:<\/span> <span style=\"font-weight: 400;\">Vadico e Sua Orquestra<br \/> <\/span><span style=\"font-weight: 400;\">Arranjos e acompanhamento: Vadico<br \/> <\/span><span style=\"font-weight: 400;\">\u201cVai Astor\u201d<br \/> <\/span><span style=\"font-weight: 400;\">Composi\u00e7\u00e3o: Vadico<br \/> <\/span><span style=\"font-weight: 400;\">Gravadora: Festa \u2013 LP<\/span><span style=\"font-weight: 400;\"><br \/> <\/span><span style=\"font-weight: 400;\">1959<\/span><\/p>\n<p><b>Festa Dentro da Noite<\/b> <b>N\u00ba2<br \/> <\/b><span style=\"font-weight: 400;\">Int\u00e9rprete:<\/span> <span style=\"font-weight: 400;\">Vadico e Sua Orquestra<br \/> <\/span><span style=\"font-weight: 400;\">Arranjos e acompanhamento: Vadico<br \/> <\/span><span style=\"font-weight: 400;\">\u201cConversa de botequim\u201d<br \/> <\/span><span style=\"font-weight: 400;\">Composi\u00e7\u00e3o: Vadico e Noel Rosa<\/span><span style=\"font-weight: 400;\"><br \/> <\/span><span style=\"font-weight: 400;\">Gravadora: Festa \u2013 LP<\/span><span style=\"font-weight: 400;\"><br \/> <\/span><span style=\"font-weight: 400;\">1959<\/span><\/p>\n<p><b>Com Voc\u00ea, Roberto Audi<br \/> <\/b><span style=\"font-weight: 400;\">Int\u00e9rprete: Roberto Audi<br \/> <\/span><span style=\"font-weight: 400;\">\u201cDist\u00e2ncia\u201d<\/span><span style=\"font-weight: 400;\"><br \/> <\/span><span style=\"font-weight: 400;\">Composi\u00e7\u00e3o: Vadico e Herberto Sales<\/span><span style=\"font-weight: 400;\"><br \/> <\/span><span style=\"font-weight: 400;\">Gravadora: Copacabana \u2013 CLP 11096<\/span><span style=\"font-weight: 400;\"><br \/> <\/span><span style=\"font-weight: 400;\">1959<\/span><\/p>\n<p><b>Magn\u00edfica<br \/> <\/b><span style=\"font-weight: 400;\">Int\u00e9rprete: Elizeth Cardoso<br \/> <\/span><span style=\"font-weight: 400;\">\u201cS\u00f3\u201d \/ \u201cAt\u00e9 quando\u201d<\/span><span style=\"font-weight: 400;\"><br \/> <\/span><span style=\"font-weight: 400;\">Composi\u00e7\u00e3o: Vadico e Marino Pinto<\/span><span style=\"font-weight: 400;\"><br \/> <\/span><span style=\"font-weight: 400;\">Gravadora: Copacabana \u2013 CLP 11123<\/span><span style=\"font-weight: 400;\"><br \/> <\/span><span style=\"font-weight: 400;\">1959<\/span><\/p>\n<p><b>Voz + Ritmo = Ademilde Fonseca<br \/> <\/b><span style=\"font-weight: 400;\">Int\u00e9rprete: Ademilde Fonseca<br \/> <\/span><span style=\"font-weight: 400;\">\u201cSe eu te perdesse\u201d \/ \u201cRevolta\u201d<\/span><span style=\"font-weight: 400;\"><br \/> <\/span><span style=\"font-weight: 400;\">Composi\u00e7\u00e3o: Vadico e Marino Pinto<\/span><span style=\"font-weight: 400;\"><br \/> <\/span><span style=\"font-weight: 400;\">Gravadora: Philips \u2013 P 630.434 L<\/span><span style=\"font-weight: 400;\"><br \/> <\/span><span style=\"font-weight: 400;\">1959<\/span><\/p>\n<p><b>Samba com Aracy de Almeida<br \/> <\/b><span style=\"font-weight: 400;\">Int\u00e9rprete: Aracy de Almeida<br \/> <\/span><span style=\"font-weight: 400;\">\u201cA verdade d\u00f3i\u201d<\/span><span style=\"font-weight: 400;\"><br \/> <\/span><span style=\"font-weight: 400;\">Composi\u00e7\u00e3o: Vadico<\/span><span style=\"font-weight: 400;\"><br \/> <\/span><span style=\"font-weight: 400;\">Gravadora: Philips \u2013 P 630.410 L<\/span><span style=\"font-weight: 400;\"><br \/> <\/span><span style=\"font-weight: 400;\">1960<\/span><\/p>\n<p><b>Sacha Distel N\u00ba3<br \/> <\/b><span style=\"font-weight: 400;\">Int\u00e9rprete: Sacha Distel<br \/> <\/span><span style=\"font-weight: 400;\">\u201cLes Cariocas (Elles Sont Si Belles Les Cariocas)\u201d<\/span><span style=\"font-weight: 400;\"><br \/> <\/span><span style=\"font-weight: 400;\">Acompanhamento: Vadico<br \/> <\/span><span style=\"font-weight: 400;\">Gravadora: Philips \u2013 B 76.514 R<\/span><span style=\"font-weight: 400;\"><br \/> <\/span><span style=\"font-weight: 400;\">1961<\/span><\/p>\n<p><span style=\"font-weight: 400;\"><b>O Inimit\u00e1vel Juarez<br \/> <\/b><span>Int\u00e9rprete: Juarez Ara\u00fajo (saxofone)<br \/> <\/span><span>\u201cS\u00faplica&#8221; \/ &#8220;Julgamento&#8221;<\/span><span><br \/> <\/span><span>Composi\u00e7\u00e3o: Vadico<br \/> <\/span><span>Gravadora: Masterplay \u2013 MDL13019<\/span><span><br \/> <\/span><span>1962<\/span><\/span><\/p>\n<p><b>Choros Famosos<\/b><span style=\"font-weight: 400;\"><br \/> <\/span><span style=\"font-weight: 400;\">Int\u00e9rprete: Ademilde Fonseca<\/span><span style=\"font-weight: 400;\"><br \/> <\/span><span style=\"font-weight: 400;\">Produ\u00e7\u00e3o musical e arranjo: Vadico<\/span><span style=\"font-weight: 400;\"><br \/> <\/span><span style=\"font-weight: 400;\">Gravadora: Philips \u2013 P 630.460 L<\/span><span style=\"font-weight: 400;\"><br \/> <\/span><span style=\"font-weight: 400;\">1962<\/span><\/p>\n<p><b>Elizete Interpreta Vinicius<br \/> <\/b><span style=\"font-weight: 400;\">Int\u00e9rprete: Elizeth Cardoso<br \/> <\/span><span style=\"font-weight: 400;\">\u201cSempre a esperar\u201d<\/span><span style=\"font-weight: 400;\"><br \/> <\/span><span style=\"font-weight: 400;\">Composi\u00e7\u00e3o: Vadico e Vinicius de Moraes<\/span><span style=\"font-weight: 400;\"><br \/> <\/span><span style=\"font-weight: 400;\">Gravadora: Copacabana \u2013 CLP11310<\/span><span style=\"font-weight: 400;\"><br \/> <\/span><span style=\"font-weight: 400;\">1963<\/span><\/p>\n<p><b>Vadico &#8211; Evoca\u00e7\u00e3o III<\/b><span style=\"font-weight: 400;\"><br \/> <\/span><span style=\"font-weight: 400;\">Int\u00e9rpretes: Diversos (M\u00e1rcio Montarroyos, Dominguinhos, Raul de Barros, Amilton Godoy, Roberto Sion, Edu da Gaita, Heraldo do Monte)<br \/> <\/span><span style=\"font-weight: 400;\">Gravadora: Eldorado \u2013 LP<br \/> <\/span><span style=\"font-weight: 400;\">*Homenagem p\u00f3stuma \u00e0 Vadico<\/span><span style=\"font-weight: 400;\"><br \/> <\/span><span style=\"font-weight: 400;\">1979<\/span><\/p>\n<p>[\/et_pb_accordion_item][\/et_pb_accordion][\/et_pb_column][\/et_pb_row][et_pb_row _builder_version=&#8221;4.6.4&#8243; _module_preset=&#8221;default&#8221;][et_pb_column type=&#8221;4_4&#8243; _builder_version=&#8221;4.6.4&#8243; _module_preset=&#8221;default&#8221;][et_pb_text _builder_version=&#8221;4.6.4&#8243; _module_preset=&#8221;default&#8221;]<\/p>\n<h1>V\u00eddeos<\/h1>\n<p>[\/et_pb_text][\/et_pb_column][\/et_pb_row][et_pb_row column_structure=&#8221;1_3,1_3,1_3&#8243; _builder_version=&#8221;4.6.4&#8243; _module_preset=&#8221;default&#8221;][et_pb_column type=&#8221;1_3&#8243; _builder_version=&#8221;4.6.4&#8243; _module_preset=&#8221;default&#8221;][et_pb_video src=&#8221;https:\/\/www.youtube.com\/watch?v=SHnrHewVLwk&#8221; _builder_version=&#8221;4.6.4&#8243; _module_preset=&#8221;default&#8221;][\/et_pb_video][\/et_pb_column][et_pb_column type=&#8221;1_3&#8243; _builder_version=&#8221;4.6.4&#8243; _module_preset=&#8221;default&#8221;][et_pb_video src=&#8221;https:\/\/www.youtube.com\/watch?v=jqcNnXz5tKg&#8221; _builder_version=&#8221;4.6.4&#8243; _module_preset=&#8221;default&#8221;][\/et_pb_video][\/et_pb_column][et_pb_column type=&#8221;1_3&#8243; _builder_version=&#8221;4.6.4&#8243; _module_preset=&#8221;default&#8221;][et_pb_video src=&#8221;https:\/\/www.youtube.com\/watch?v=2FetJ5Vl2gM&#8221; _builder_version=&#8221;4.6.4&#8243; _module_preset=&#8221;default&#8221;][\/et_pb_video][\/et_pb_column][\/et_pb_row][et_pb_row column_structure=&#8221;1_3,1_3,1_3&#8243; _builder_version=&#8221;4.6.4&#8243; _module_preset=&#8221;default&#8221;][et_pb_column type=&#8221;1_3&#8243; _builder_version=&#8221;4.6.4&#8243; _module_preset=&#8221;default&#8221;][et_pb_video src=&#8221;https:\/\/www.youtube.com\/watch?v=odg9XUIcqso&#8221; _builder_version=&#8221;4.6.4&#8243; _module_preset=&#8221;default&#8221;][\/et_pb_video][\/et_pb_column][et_pb_column type=&#8221;1_3&#8243; _builder_version=&#8221;4.6.4&#8243; _module_preset=&#8221;default&#8221;][et_pb_video src=&#8221;https:\/\/www.youtube.com\/watch?v=k_sechwiO20&#8243; _builder_version=&#8221;4.6.4&#8243; _module_preset=&#8221;default&#8221;][\/et_pb_video][\/et_pb_column][et_pb_column type=&#8221;1_3&#8243; _builder_version=&#8221;4.6.4&#8243; _module_preset=&#8221;default&#8221;][et_pb_video src=&#8221;https:\/\/www.youtube.com\/watch?v=DaB7im2Bgco&#8221; _builder_version=&#8221;4.6.4&#8243; _module_preset=&#8221;default&#8221;][\/et_pb_video][\/et_pb_column][\/et_pb_row][\/et_pb_section]<\/p>\n","protected":false},"excerpt":{"rendered":"<p>[et_pb_section fb_built=&#8221;1&#8243; admin_label=&#8221;section&#8221; _builder_version=&#8221;3.22&#8243; custom_padding=&#8221;40px|||||&#8221;][et_pb_row admin_label=&#8221;row&#8221; _builder_version=&#8221;4.6.4&#8243; background_size=&#8221;initial&#8221; background_position=&#8221;top_left&#8221; background_repeat=&#8221;repeat&#8221;][et_pb_column type=&#8221;4_4&#8243; _builder_version=&#8221;3.25&#8243; custom_padding=&#8221;|||&#8221; custom_padding__hover=&#8221;|||&#8221;][et_pb_text admin_label=&#8221;Text&#8221; _builder_version=&#8221;4.6.4&#8243; background_size=&#8221;initial&#8221; background_position=&#8221;top_left&#8221; background_repeat=&#8221;repeat&#8221;] Discografia [\/et_pb_text][\/et_pb_column][\/et_pb_row][et_pb_row _builder_version=&#8221;4.6.4&#8243; _module_preset=&#8221;default&#8221;][et_pb_column type=&#8221;4_4&#8243; _builder_version=&#8221;4.6.4&#8243; _module_preset=&#8221;default&#8221;][et_pb_accordion open_toggle_text_color=&#8221;#582206&#8243; closed_toggle_text_color=&#8221;#582206&#8243; _builder_version=&#8221;4.6.4&#8243; _module_preset=&#8221;default&#8221; toggle_level=&#8221;h4&#8243; toggle_font=&#8221;|||on|||||&#8221; closed_toggle_font=&#8221;|||on|||||&#8221;][et_pb_accordion_item title=&#8221;Em 78 RPM&#8221; open=&#8221;off&#8221; _builder_version=&#8221;4.6.4&#8243; _module_preset=&#8221;default&#8221;] Columbia \u2013 5.098-A \u201cDeixei de ser ot\u00e1rio\u201d Int\u00e9rprete: Gen\u00e9sio Arruda Composi\u00e7\u00e3o: Vadico Outubro de 1929 Columbia [&hellip;]<\/p>\n","protected":false},"author":1,"featured_media":0,"parent":0,"menu_order":0,"comment_status":"closed","ping_status":"closed","template":"","meta":{"_et_pb_use_builder":"on","_et_pb_old_content":"","_et_gb_content_width":""},"_links":{"self":[{"href":"https:\/\/vadicogogliano.com\/index.php?rest_route=\/wp\/v2\/pages\/198"}],"collection":[{"href":"https:\/\/vadicogogliano.com\/index.php?rest_route=\/wp\/v2\/pages"}],"about":[{"href":"https:\/\/vadicogogliano.com\/index.php?rest_route=\/wp\/v2\/types\/page"}],"author":[{"embeddable":true,"href":"https:\/\/vadicogogliano.com\/index.php?rest_route=\/wp\/v2\/users\/1"}],"replies":[{"embeddable":true,"href":"https:\/\/vadicogogliano.com\/index.php?rest_route=%2Fwp%2Fv2%2Fcomments&post=198"}],"version-history":[{"count":14,"href":"https:\/\/vadicogogliano.com\/index.php?rest_route=\/wp\/v2\/pages\/198\/revisions"}],"predecessor-version":[{"id":1356,"href":"https:\/\/vadicogogliano.com\/index.php?rest_route=\/wp\/v2\/pages\/198\/revisions\/1356"}],"wp:attachment":[{"href":"https:\/\/vadicogogliano.com\/index.php?rest_route=%2Fwp%2Fv2%2Fmedia&parent=198"}],"curies":[{"name":"wp","href":"https:\/\/api.w.org\/{rel}","templated":true}]}}